{"id":1483,"date":"2022-09-26T14:15:56","date_gmt":"2022-09-26T12:15:56","guid":{"rendered":"https:\/\/voleda.fr\/blog\/?page_id=1483"},"modified":"2023-04-25T17:00:03","modified_gmt":"2023-04-25T15:00:03","slug":"store-2","status":"publish","type":"page","link":"https:\/\/voleda.fr\/blog\/store-2\/","title":{"rendered":"Store"},"content":{"rendered":"\t\t<div data-elementor-type=\"wp-page\" data-elementor-id=\"1483\" class=\"elementor elementor-1483\">\n\t\t\t\t\t\t\t\t\t<section class=\"elementor-section elementor-top-section elementor-element elementor-element-25cdbde8 elementor-section-boxed elementor-section-height-default elementor-section-height-default\" data-id=\"25cdbde8\" data-element_type=\"section\" id=\"xs_blog_light_post_img_2\" data-settings=\"{&quot;background_background&quot;:&quot;classic&quot;}\">\n\t\t\t\t\t\t\t<div class=\"elementor-background-overlay\"><\/div>\n\t\t\t\t\t\t\t<div class=\"elementor-container elementor-column-gap-default\">\n\t\t\t\t\t<div class=\"elementor-column elementor-col-100 elementor-top-column elementor-element elementor-element-59e22ed9\" data-id=\"59e22ed9\" data-element_type=\"column\">\n\t\t\t<div class=\"elementor-widget-wrap elementor-element-populated\">\n\t\t\t\t\t\t\t\t<div class=\"elementor-element elementor-element-1f291266 elementor-widget elementor-widget-elementskit-heading\" data-id=\"1f291266\" data-element_type=\"widget\" data-widget_type=\"elementskit-heading.default\">\n\t\t\t\t<div class=\"elementor-widget-container\">\n\t\t\t<div class=\"ekit-wid-con\" ><div class=\"ekit-heading elementskit-section-title-wraper text_center   ekit_heading_tablet-   ekit_heading_mobile-\"><h1 class=\"ekit-heading--title elementskit-section-title \">\n\t\t\t\t\tStore\n\t\t\t\t<\/h1><div class=\"ekit_heading_separetor_wraper ekit_heading_elementskit-border-divider elementskit-style-long\"><div class=\"elementskit-border-divider elementskit-style-long\"><\/div><\/div>\t\t\t\t<div class='ekit-heading__description'>\n\t\t\t\t\t<p>D\u00e9couvrez tous nos articles concernant les stores<\/p>\n\t\t\t\t<\/div>\n\t\t\t<\/div><\/div>\t\t<\/div>\n\t\t\t\t<\/div>\n\t\t\t\t<section class=\"elementor-section elementor-inner-section elementor-element elementor-element-327bc379 elementor-section-boxed elementor-section-height-default elementor-section-height-default\" data-id=\"327bc379\" data-element_type=\"section\">\n\t\t\t\t\t\t<div class=\"elementor-container elementor-column-gap-default\">\n\t\t\t\t\t<div class=\"elementor-column elementor-col-100 elementor-inner-column elementor-element elementor-element-638a357f\" data-id=\"638a357f\" data-element_type=\"column\">\n\t\t\t<div class=\"elementor-widget-wrap elementor-element-populated\">\n\t\t\t\t\t\t\t\t<div class=\"elementor-element elementor-element-69738a9c e-transform elementor-widget elementor-widget-elementskit-blog-posts\" data-id=\"69738a9c\" data-element_type=\"widget\" data-settings=\"{&quot;_transform_scale_effect&quot;:{&quot;unit&quot;:&quot;px&quot;,&quot;size&quot;:&quot;&quot;,&quot;sizes&quot;:[]},&quot;_transform_scale_effect_tablet&quot;:{&quot;unit&quot;:&quot;px&quot;,&quot;size&quot;:&quot;&quot;,&quot;sizes&quot;:[]},&quot;_transform_scale_effect_mobile&quot;:{&quot;unit&quot;:&quot;px&quot;,&quot;size&quot;:&quot;&quot;,&quot;sizes&quot;:[]}}\" data-widget_type=\"elementskit-blog-posts.default\">\n\t\t\t\t<div class=\"elementor-widget-container\">\n\t\t\t<div class=\"ekit-wid-con\" >        <div id=\"post-items--69738a9c\" class=\"row post-items\">\n                    <div class=\"col-lg-4 col-md-6\">\n\n                                    <div class=\"elementskit-post-image-card\">\n                        <div class=\"elementskit-entry-header\">\n                                                            <a href=\"https:\/\/voleda.fr\/blog\/volet-roulant\/infos-pratiques\/remplacer-un-moteur-nice-de-la-gamme-max-xm\/2629\/\" class=\"elementskit-entry-thumb\">\n                                    <img decoding=\"async\" src=\"https:\/\/voleda.fr\/blog\/wp-content\/uploads\/2023\/01\/nice-xm-remplacement-1024x654.jpg\" alt=\"Remplacer un moteur Nice de la gamme Max XM\">\n                                <\/a><!-- .elementskit-entry-thumb END -->\n                                                            \n                                                            <div class=\"elementskit-meta-categories\">\n                                    <span class=\"elementskit-meta-wraper\">\n                                        <span><a href=\"https:\/\/voleda.fr\/blog\/category\/volet-roulant\/infos-pratiques\/\" rel=\"category tag\">Infos pratiques<\/a><\/span><span><a href=\"https:\/\/voleda.fr\/blog\/category\/nice\/\" rel=\"category tag\">Nice<\/a><\/span><span><a href=\"https:\/\/voleda.fr\/blog\/category\/store\/\" rel=\"category tag\">Store<\/a><\/span><span><a href=\"https:\/\/voleda.fr\/blog\/category\/volet-roulant\/\" rel=\"category tag\">Volet roulant<\/a><\/span>\n                                    <\/span>\n                                <\/div>\n                            \n\t\t\t\t\t\t\t\t\t\t\t\t\t<\/div><!-- .elementskit-entry-header END -->\n\n\t\t\t\t\t\t<div class=\"elementskit-post-body \">\n\t\t\t\t\t\t\t\n\t\t\t\t\t\t\t\t\t\t\t\t\t\t\t\t\t\t\t\t\t\t\t\t\t\n\t\t\t\t\t\t\t\t\n\t\t\t\t\t\t\t\t\t\t\t\t\t\t\t\t\t\t\t\t\t<h2 class=\"entry-title\">\n\t\t\t\t\t<a href=\"https:\/\/voleda.fr\/blog\/volet-roulant\/infos-pratiques\/remplacer-un-moteur-nice-de-la-gamme-max-xm\/2629\/\">\n\t\t\t\t\t\tRemplacer un moteur Nice de la gamme Max XM\t\t\t\t\t<\/a>\n\t\t\t\t<\/h2>\n\t\t\t\t\t\t\t\t\t\t\t\t\t\t\t\t\t\t\t\t\t\t\t\t\t\t\t\t\t\t\t\t\t\t\t\t\t\t\t\t\t\t<p>Votre moteur de volet roulant Nice est tomb\u00e9 en panne et vous \u00eates \u00e0 la recherche du moteur de remplacement ? Si la r\u00e9f\u00e9rence de votre moteur commence par XM, nous allons vous indiquer dans cet article quel est le\u2026<\/p>\n\t\t\t\t\t\t\t\t\t\t\t\t\t\t\t\t\t\t\t\t\t\t                                                            <div class=\"btn-wraper\">\n                                    \n                                                                            <a href=\"https:\/\/voleda.fr\/blog\/volet-roulant\/infos-pratiques\/remplacer-un-moteur-nice-de-la-gamme-max-xm\/2629\/\" class=\"elementskit-btn  whitespace--normal\" >\n                                                                                    Lire la suite                                        <\/a>\n                                                                    <\/div>\n                                                    <\/div><!-- .elementskit-post-body END -->\n                    <\/div>\n                \n            <\/div>\n                    <div class=\"col-lg-4 col-md-6\">\n\n                                    <div class=\"elementskit-post-image-card\">\n                        <div class=\"elementskit-entry-header\">\n                                                            <a href=\"https:\/\/voleda.fr\/blog\/volet-roulant\/infos-pratiques\/remplacer-un-moteur-nice-de-la-gamme-neo-nm\/2551\/\" class=\"elementskit-entry-thumb\">\n                                    <img decoding=\"async\" src=\"https:\/\/voleda.fr\/blog\/wp-content\/uploads\/2023\/01\/remplacer-moteur-nice-neo-nm-1024x654.jpg\" alt=\"Remplacer un moteur Nice de la gamme NEO NM ou NS\">\n                                <\/a><!-- .elementskit-entry-thumb END -->\n                                                            \n                                                            <div class=\"elementskit-meta-categories\">\n                                    <span class=\"elementskit-meta-wraper\">\n                                        <span><a href=\"https:\/\/voleda.fr\/blog\/category\/volet-roulant\/infos-pratiques\/\" rel=\"category tag\">Infos pratiques<\/a><\/span><span><a href=\"https:\/\/voleda.fr\/blog\/category\/nice\/\" rel=\"category tag\">Nice<\/a><\/span><span><a href=\"https:\/\/voleda.fr\/blog\/category\/store\/\" rel=\"category tag\">Store<\/a><\/span><span><a href=\"https:\/\/voleda.fr\/blog\/category\/volet-roulant\/\" rel=\"category tag\">Volet roulant<\/a><\/span>\n                                    <\/span>\n                                <\/div>\n                            \n\t\t\t\t\t\t\t\t\t\t\t\t\t<\/div><!-- .elementskit-entry-header END -->\n\n\t\t\t\t\t\t<div class=\"elementskit-post-body \">\n\t\t\t\t\t\t\t\n\t\t\t\t\t\t\t\t\t\t\t\t\t\t\t\t\t\t\t\t\t\t\t\t\t\n\t\t\t\t\t\t\t\t\n\t\t\t\t\t\t\t\t\t\t\t\t\t\t\t\t\t\t\t\t\t<h2 class=\"entry-title\">\n\t\t\t\t\t<a href=\"https:\/\/voleda.fr\/blog\/volet-roulant\/infos-pratiques\/remplacer-un-moteur-nice-de-la-gamme-neo-nm\/2551\/\">\n\t\t\t\t\t\tRemplacer un moteur Nice de la gamme NEO NM ou NS\t\t\t\t\t<\/a>\n\t\t\t\t<\/h2>\n\t\t\t\t\t\t\t\t\t\t\t\t\t\t\t\t\t\t\t\t\t\t\t\t\t\t\t\t\t\t\t\t\t\t\t\t\t\t\t\t\t\t<p>Lorsque vient le moment de remplacer un moteur de volet roulant, on peut se retrouver d\u00e9pourvu lorsque le mod\u00e8le install\u00e9 n\u2019est plus commercialis\u00e9 par le fabricant. Les technologies utilis\u00e9es \u00e9voluent rapidement et les gammes de motorisation changent avec elles. Si\u2026<\/p>\n\t\t\t\t\t\t\t\t\t\t\t\t\t\t\t\t\t\t\t\t\t\t                                                            <div class=\"btn-wraper\">\n                                    \n                                                                            <a href=\"https:\/\/voleda.fr\/blog\/volet-roulant\/infos-pratiques\/remplacer-un-moteur-nice-de-la-gamme-neo-nm\/2551\/\" class=\"elementskit-btn  whitespace--normal\" >\n                                                                                    Lire la suite                                        <\/a>\n                                                                    <\/div>\n                                                    <\/div><!-- .elementskit-post-body END -->\n                    <\/div>\n                \n            <\/div>\n                    <div class=\"col-lg-4 col-md-6\">\n\n                                    <div class=\"elementskit-post-image-card\">\n                        <div class=\"elementskit-entry-header\">\n                                                            <a href=\"https:\/\/voleda.fr\/blog\/volet-roulant\/infos-pratiques\/comment-recuperer-mes-fins-de-courses-de-mon-moteur-de-volet-roulant\/2423\/\" class=\"elementskit-entry-thumb\">\n                                    <img decoding=\"async\" src=\"https:\/\/voleda.fr\/blog\/wp-content\/uploads\/2023\/01\/recuperer-les-fins-de-course-moteur-volet-roulant-1024x654.jpg\" alt=\"Comment r\u00e9cup\u00e9rer mes fins de course de mon moteur de volet roulant ?\">\n                                <\/a><!-- .elementskit-entry-thumb END -->\n                                                            \n                                                            <div class=\"elementskit-meta-categories\">\n                                    <span class=\"elementskit-meta-wraper\">\n                                        <span><a href=\"https:\/\/voleda.fr\/blog\/category\/volet-roulant\/infos-pratiques\/\" rel=\"category tag\">Infos pratiques<\/a><\/span><span><a href=\"https:\/\/voleda.fr\/blog\/category\/porte-de-garage\/\" rel=\"category tag\">Porte de garage<\/a><\/span><span><a href=\"https:\/\/voleda.fr\/blog\/category\/store\/\" rel=\"category tag\">Store<\/a><\/span><span><a href=\"https:\/\/voleda.fr\/blog\/category\/volet-roulant\/\" rel=\"category tag\">Volet roulant<\/a><\/span>\n                                    <\/span>\n                                <\/div>\n                            \n\t\t\t\t\t\t\t\t\t\t\t\t\t<\/div><!-- .elementskit-entry-header END -->\n\n\t\t\t\t\t\t<div class=\"elementskit-post-body \">\n\t\t\t\t\t\t\t\n\t\t\t\t\t\t\t\t\t\t\t\t\t\t\t\t\t\t\t\t\t\t\t\t\t\n\t\t\t\t\t\t\t\t\n\t\t\t\t\t\t\t\t\t\t\t\t\t\t\t\t\t\t\t\t\t<h2 class=\"entry-title\">\n\t\t\t\t\t<a href=\"https:\/\/voleda.fr\/blog\/volet-roulant\/infos-pratiques\/comment-recuperer-mes-fins-de-courses-de-mon-moteur-de-volet-roulant\/2423\/\">\n\t\t\t\t\t\tComment r\u00e9cup\u00e9rer mes fins de course de mon moteur de volet roulant ?\t\t\t\t\t<\/a>\n\t\t\t\t<\/h2>\n\t\t\t\t\t\t\t\t\t\t\t\t\t\t\t\t\t\t\t\t\t\t\t\t\t\t\t\t\t\t\t\t\t\t\t\t\t\t\t\t\t\t<p>Le r\u00e9glage des fins de course d\u2019un moteur m\u00e9canique est dans l\u2019ensemble assez simple, cependant il peut arriver qu\u2019on perde la plage d\u2019utilisation des fins de course et il devient impossible de r\u00e9gler son moteur de volet roulant. Mais qu\u2019appelle-t-on\u2026<\/p>\n\t\t\t\t\t\t\t\t\t\t\t\t\t\t\t\t\t\t\t\t\t\t                                                            <div class=\"btn-wraper\">\n                                    \n                                                                            <a href=\"https:\/\/voleda.fr\/blog\/volet-roulant\/infos-pratiques\/comment-recuperer-mes-fins-de-courses-de-mon-moteur-de-volet-roulant\/2423\/\" class=\"elementskit-btn  whitespace--normal\" >\n                                                                                    Lire la suite                                        <\/a>\n                                                                    <\/div>\n                                                    <\/div><!-- .elementskit-post-body END -->\n                    <\/div>\n                \n            <\/div>\n                    <div class=\"col-lg-4 col-md-6\">\n\n                                    <div class=\"elementskit-post-image-card\">\n                        <div class=\"elementskit-entry-header\">\n                                                            <a href=\"https:\/\/voleda.fr\/blog\/volet-roulant\/comment-choisir-les-bagues-dadaptation-de-votre-moteur-tubulaire\/1591\/\" class=\"elementskit-entry-thumb\">\n                                    <img decoding=\"async\" src=\"https:\/\/voleda.fr\/blog\/wp-content\/uploads\/2022\/09\/2Plan-de-travail-1-1-1024x654.jpg\" alt=\"Comment choisir les bagues d\u2019adaptation de votre moteur tubulaire\u00a0?\">\n                                <\/a><!-- .elementskit-entry-thumb END -->\n                                                            \n                                                            <div class=\"elementskit-meta-categories\">\n                                    <span class=\"elementskit-meta-wraper\">\n                                        <span><a href=\"https:\/\/voleda.fr\/blog\/category\/volet-roulant\/infos-pratiques\/\" rel=\"category tag\">Infos pratiques<\/a><\/span><span><a href=\"https:\/\/voleda.fr\/blog\/category\/porte-de-garage\/\" rel=\"category tag\">Porte de garage<\/a><\/span><span><a href=\"https:\/\/voleda.fr\/blog\/category\/store\/\" rel=\"category tag\">Store<\/a><\/span><span><a href=\"https:\/\/voleda.fr\/blog\/category\/volet-roulant\/\" rel=\"category tag\">Volet roulant<\/a><\/span>\n                                    <\/span>\n                                <\/div>\n                            \n\t\t\t\t\t\t\t\t\t\t\t\t\t<\/div><!-- .elementskit-entry-header END -->\n\n\t\t\t\t\t\t<div class=\"elementskit-post-body \">\n\t\t\t\t\t\t\t\n\t\t\t\t\t\t\t\t\t\t\t\t\t\t\t\t\t\t\t\t\t\t\t\t\t\n\t\t\t\t\t\t\t\t\n\t\t\t\t\t\t\t\t\t\t\t\t\t\t\t\t\t\t\t\t\t<h2 class=\"entry-title\">\n\t\t\t\t\t<a href=\"https:\/\/voleda.fr\/blog\/volet-roulant\/comment-choisir-les-bagues-dadaptation-de-votre-moteur-tubulaire\/1591\/\">\n\t\t\t\t\t\tComment choisir les bagues d\u2019adaptation de votre moteur tubulaire\u00a0?\t\t\t\t\t<\/a>\n\t\t\t\t<\/h2>\n\t\t\t\t\t\t\t\t\t\t\t\t\t\t\t\t\t\t\t\t\t\t\t\t\t\t\t\t\t\t\t\t\t\t\t\t\t\t\t\t\t\t<p>L\u2019installation de votre moteur tubulaire n\u00e9cessite l\u2019utilisation de bagues d&#8217;adaptation moteur de volet roulant qui doivent convenir \u00e0 votre motorisation et \u00e9galement \u00e0 la forme et au diam\u00e8tre de votre tube d\u2019enroulement. Nous allons vous expliquer comment faire votre choix.\u00a0\u2026<\/p>\n\t\t\t\t\t\t\t\t\t\t\t\t\t\t\t\t\t\t\t\t\t\t                                                            <div class=\"btn-wraper\">\n                                    \n                                                                            <a href=\"https:\/\/voleda.fr\/blog\/volet-roulant\/comment-choisir-les-bagues-dadaptation-de-votre-moteur-tubulaire\/1591\/\" class=\"elementskit-btn  whitespace--normal\" >\n                                                                                    Lire la suite                                        <\/a>\n                                                                    <\/div>\n                                                    <\/div><!-- .elementskit-post-body END -->\n                    <\/div>\n                \n            <\/div>\n                    <div class=\"col-lg-4 col-md-6\">\n\n                                    <div class=\"elementskit-post-image-card\">\n                        <div class=\"elementskit-entry-header\">\n                                                            <a href=\"https:\/\/voleda.fr\/blog\/partenaires\/simu\/comment-ajouter-une-nouvelle-telecommande-simu-hz\/758\/\" class=\"elementskit-entry-thumb\">\n                                    <img decoding=\"async\" src=\"https:\/\/voleda.fr\/blog\/wp-content\/uploads\/2022\/09\/4Plan-de-travail-1-1024x654.jpg\" alt=\"Comment ajouter une t\u00e9l\u00e9commande Simu HZ ?\">\n                                <\/a><!-- .elementskit-entry-thumb END -->\n                                                            \n                                                            <div class=\"elementskit-meta-categories\">\n                                    <span class=\"elementskit-meta-wraper\">\n                                        <span><a href=\"https:\/\/voleda.fr\/blog\/category\/partenaires\/simu\/\" rel=\"category tag\">Simu<\/a><\/span><span><a href=\"https:\/\/voleda.fr\/blog\/category\/store\/\" rel=\"category tag\">Store<\/a><\/span><span><a href=\"https:\/\/voleda.fr\/blog\/category\/volet-roulant\/\" rel=\"category tag\">Volet roulant<\/a><\/span>\n                                    <\/span>\n                                <\/div>\n                            \n\t\t\t\t\t\t\t\t\t\t\t\t\t<\/div><!-- .elementskit-entry-header END -->\n\n\t\t\t\t\t\t<div class=\"elementskit-post-body \">\n\t\t\t\t\t\t\t\n\t\t\t\t\t\t\t\t\t\t\t\t\t\t\t\t\t\t\t\t\t\t\t\t\t\n\t\t\t\t\t\t\t\t\n\t\t\t\t\t\t\t\t\t\t\t\t\t\t\t\t\t\t\t\t\t<h2 class=\"entry-title\">\n\t\t\t\t\t<a href=\"https:\/\/voleda.fr\/blog\/partenaires\/simu\/comment-ajouter-une-nouvelle-telecommande-simu-hz\/758\/\">\n\t\t\t\t\t\tComment ajouter une t\u00e9l\u00e9commande Simu HZ ?\t\t\t\t\t<\/a>\n\t\t\t\t<\/h2>\n\t\t\t\t\t\t\t\t\t\t\t\t\t\t\t\t\t\t\t\t\t\t\t\t\t\t\t\t\t\t\t\t\t\t\t\t\t\t\t\t\t\t<p>Vous disposez d\u2019un volet roulant \u00e9quip\u00e9 d\u2019une motorisation radio Simu d\u00e9j\u00e0 pourvue d\u2019une t\u00e9l\u00e9commande et vous souhaitez ajouter une t\u00e9l\u00e9commande&nbsp;Simu Hz suppl\u00e9mentaire ? Dans cet article, nous allons vous expliquer comment ajouter simplement et rapidement une t\u00e9l\u00e9commande Simu Hz suppl\u00e9mentaire\u2026<\/p>\n\t\t\t\t\t\t\t\t\t\t\t\t\t\t\t\t\t\t\t\t\t\t                                                            <div class=\"btn-wraper\">\n                                    \n                                                                            <a href=\"https:\/\/voleda.fr\/blog\/partenaires\/simu\/comment-ajouter-une-nouvelle-telecommande-simu-hz\/758\/\" class=\"elementskit-btn  whitespace--normal\" >\n                                                                                    Lire la suite                                        <\/a>\n                                                                    <\/div>\n                                                    <\/div><!-- .elementskit-post-body END -->\n                    <\/div>\n                \n            <\/div>\n                    <div class=\"col-lg-4 col-md-6\">\n\n                                    <div class=\"elementskit-post-image-card\">\n                        <div class=\"elementskit-entry-header\">\n                                                            <a href=\"https:\/\/voleda.fr\/blog\/volet-roulant\/reglage-des-fins-de-course-mecanique-molettes-dun-moteur-simu-de-volet-roulant\/175\/\" class=\"elementskit-entry-thumb\">\n                                    <img decoding=\"async\" src=\"https:\/\/voleda.fr\/blog\/wp-content\/uploads\/2022\/09\/1Plan-de-travail-1-1024x654.jpg\" alt=\"R\u00e9glage des fins de course d&#8217;un moteur Simu de volet roulant filaire\">\n                                <\/a><!-- .elementskit-entry-thumb END -->\n                                                            \n                                                            <div class=\"elementskit-meta-categories\">\n                                    <span class=\"elementskit-meta-wraper\">\n                                        <span><a href=\"https:\/\/voleda.fr\/blog\/category\/partenaires\/simu\/\" rel=\"category tag\">Simu<\/a><\/span><span><a href=\"https:\/\/voleda.fr\/blog\/category\/store\/\" rel=\"category tag\">Store<\/a><\/span><span><a href=\"https:\/\/voleda.fr\/blog\/category\/volet-roulant\/\" rel=\"category tag\">Volet roulant<\/a><\/span>\n                                    <\/span>\n                                <\/div>\n                            \n\t\t\t\t\t\t\t\t\t\t\t\t\t<\/div><!-- .elementskit-entry-header END -->\n\n\t\t\t\t\t\t<div class=\"elementskit-post-body \">\n\t\t\t\t\t\t\t\n\t\t\t\t\t\t\t\t\t\t\t\t\t\t\t\t\t\t\t\t\t\t\t\t\t\n\t\t\t\t\t\t\t\t\n\t\t\t\t\t\t\t\t\t\t\t\t\t\t\t\t\t\t\t\t\t<h2 class=\"entry-title\">\n\t\t\t\t\t<a href=\"https:\/\/voleda.fr\/blog\/volet-roulant\/reglage-des-fins-de-course-mecanique-molettes-dun-moteur-simu-de-volet-roulant\/175\/\">\n\t\t\t\t\t\tR\u00e9glage des fins de course d&#8217;un moteur Simu de volet roulant filaire\t\t\t\t\t<\/a>\n\t\t\t\t<\/h2>\n\t\t\t\t\t\t\t\t\t\t\t\t\t\t\t\t\t\t\t\t\t\t\t\t\t\t\t\t\t\t\t\t\t\t\t\t\t\t\t\t\t\t<p>Le r\u00e9glage d&#039;un moteur de volet roulant poss\u00e9dant des fins de course m\u00e9canique (molettes ou vis sans fin) s&#039;effectue tr\u00e8s facilement avec un peu de m\u00e9thode. Votre moteur de volet roulant est install\u00e9 et branch\u00e9, il ne vous reste plus\u2026<\/p>\n\t\t\t\t\t\t\t\t\t\t\t\t\t\t\t\t\t\t\t\t\t\t                                                            <div class=\"btn-wraper\">\n                                    \n                                                                            <a href=\"https:\/\/voleda.fr\/blog\/volet-roulant\/reglage-des-fins-de-course-mecanique-molettes-dun-moteur-simu-de-volet-roulant\/175\/\" class=\"elementskit-btn  whitespace--normal\" >\n                                                                                    Lire la suite                                        <\/a>\n                                                                    <\/div>\n                                                    <\/div><!-- .elementskit-post-body END -->\n                    <\/div>\n                \n            <\/div>\n                    <div class=\"col-lg-4 col-md-6\">\n\n                                    <div class=\"elementskit-post-image-card\">\n                        <div class=\"elementskit-entry-header\">\n                                                            <a href=\"https:\/\/voleda.fr\/blog\/volet-roulant\/reglage-et-programmation-de-moteur-de-volet-roulant-simu-hz-02-et-e-hz\/354\/\" class=\"elementskit-entry-thumb\">\n                                    <img decoding=\"async\" src=\"https:\/\/voleda.fr\/blog\/wp-content\/uploads\/2018\/02\/7Plan-de-travail-1-1024x654.jpg\" alt=\"R\u00e9glage et programmation de moteur de volet roulant Simu Hz.02 et E Hz\">\n                                <\/a><!-- .elementskit-entry-thumb END -->\n                                                            \n                                                            <div class=\"elementskit-meta-categories\">\n                                    <span class=\"elementskit-meta-wraper\">\n                                        <span><a href=\"https:\/\/voleda.fr\/blog\/category\/partenaires\/simu\/\" rel=\"category tag\">Simu<\/a><\/span><span><a href=\"https:\/\/voleda.fr\/blog\/category\/store\/\" rel=\"category tag\">Store<\/a><\/span><span><a href=\"https:\/\/voleda.fr\/blog\/category\/volet-roulant\/\" rel=\"category tag\">Volet roulant<\/a><\/span>\n                                    <\/span>\n                                <\/div>\n                            \n\t\t\t\t\t\t\t\t\t\t\t\t\t<\/div><!-- .elementskit-entry-header END -->\n\n\t\t\t\t\t\t<div class=\"elementskit-post-body \">\n\t\t\t\t\t\t\t\n\t\t\t\t\t\t\t\t\t\t\t\t\t\t\t\t\t\t\t\t\t\t\t\t\t\n\t\t\t\t\t\t\t\t\n\t\t\t\t\t\t\t\t\t\t\t\t\t\t\t\t\t\t\t\t\t<h2 class=\"entry-title\">\n\t\t\t\t\t<a href=\"https:\/\/voleda.fr\/blog\/volet-roulant\/reglage-et-programmation-de-moteur-de-volet-roulant-simu-hz-02-et-e-hz\/354\/\">\n\t\t\t\t\t\tR\u00e9glage et programmation de moteur de volet roulant Simu Hz.02 et E Hz\t\t\t\t\t<\/a>\n\t\t\t\t<\/h2>\n\t\t\t\t\t\t\t\t\t\t\t\t\t\t\t\t\t\t\t\t\t\t\t\t\t\t\t\t\t\t\t\t\t\t\t\t\t\t\t\t\t\t<p>Article mis \u00e0 jour le 25 Avril 2023 Vous disposez d&#8217;un moteur de volet roulant ou de store radio Simu HZ.02 ou Simu E Hz et vous souhaitez le r\u00e9gler. Dans ce guide nous allons vous expliquer la diff\u00e9rence entre\u2026<\/p>\n\t\t\t\t\t\t\t\t\t\t\t\t\t\t\t\t\t\t\t\t\t\t                                                            <div class=\"btn-wraper\">\n                                    \n                                                                            <a href=\"https:\/\/voleda.fr\/blog\/volet-roulant\/reglage-et-programmation-de-moteur-de-volet-roulant-simu-hz-02-et-e-hz\/354\/\" class=\"elementskit-btn  whitespace--normal\" >\n                                                                                    Lire la suite                                        <\/a>\n                                                                    <\/div>\n                                                    <\/div><!-- .elementskit-post-body END -->\n                    <\/div>\n                \n            <\/div>\n                    <div class=\"col-lg-4 col-md-6\">\n\n                                    <div class=\"elementskit-post-image-card\">\n                        <div class=\"elementskit-entry-header\">\n                                                            <a href=\"https:\/\/voleda.fr\/blog\/volet-roulant\/reglage-et-programmation-de-moteur-somfy-oximo-rts-avec-une-telecommande-somfy\/574\/\" class=\"elementskit-entry-thumb\">\n                                    <img decoding=\"async\" src=\"https:\/\/voleda.fr\/blog\/wp-content\/uploads\/2018\/02\/9Plan-de-travail-1-1024x654.jpg\" alt=\"R\u00e9glage et programmation de moteur Somfy Oximo RTS avec une telecommande Somfy\">\n                                <\/a><!-- .elementskit-entry-thumb END -->\n                                                            \n                                                            <div class=\"elementskit-meta-categories\">\n                                    <span class=\"elementskit-meta-wraper\">\n                                        <span><a href=\"https:\/\/voleda.fr\/blog\/category\/somfy\/\" rel=\"category tag\">Somfy<\/a><\/span><span><a href=\"https:\/\/voleda.fr\/blog\/category\/store\/\" rel=\"category tag\">Store<\/a><\/span><span><a href=\"https:\/\/voleda.fr\/blog\/category\/volet-roulant\/\" rel=\"category tag\">Volet roulant<\/a><\/span>\n                                    <\/span>\n                                <\/div>\n                            \n\t\t\t\t\t\t\t\t\t\t\t\t\t<\/div><!-- .elementskit-entry-header END -->\n\n\t\t\t\t\t\t<div class=\"elementskit-post-body \">\n\t\t\t\t\t\t\t\n\t\t\t\t\t\t\t\t\t\t\t\t\t\t\t\t\t\t\t\t\t\t\t\t\t\n\t\t\t\t\t\t\t\t\n\t\t\t\t\t\t\t\t\t\t\t\t\t\t\t\t\t\t\t\t\t<h2 class=\"entry-title\">\n\t\t\t\t\t<a href=\"https:\/\/voleda.fr\/blog\/volet-roulant\/reglage-et-programmation-de-moteur-somfy-oximo-rts-avec-une-telecommande-somfy\/574\/\">\n\t\t\t\t\t\tR\u00e9glage et programmation de moteur Somfy Oximo RTS avec une telecommande Somfy\t\t\t\t\t<\/a>\n\t\t\t\t<\/h2>\n\t\t\t\t\t\t\t\t\t\t\t\t\t\t\t\t\t\t\t\t\t\t\t\t\t\t\t\t\t\t\t\t\t\t\t\t\t\t\t\t\t\t<p>Votre moteur de volet roulant est install\u00e9, il est branch\u00e9, et il ne vous reste plus que le r\u00e9glage de votre moteur Somfy Oximo Rts \u00e0 l&#039;aide de votre t\u00e9l\u00e9commande Somfy. LIVRAISON 24H* de vos moteurs de volet roulant<\/p>\n\t\t\t\t\t\t\t\t\t\t\t\t\t\t\t\t\t\t\t\t\t\t                                                            <div class=\"btn-wraper\">\n                                    \n                                                                            <a href=\"https:\/\/voleda.fr\/blog\/volet-roulant\/reglage-et-programmation-de-moteur-somfy-oximo-rts-avec-une-telecommande-somfy\/574\/\" class=\"elementskit-btn  whitespace--normal\" >\n                                                                                    Lire la suite                                        <\/a>\n                                                                    <\/div>\n                                                    <\/div><!-- .elementskit-post-body END -->\n                    <\/div>\n                \n            <\/div>\n                    <div class=\"col-lg-4 col-md-6\">\n\n                                    <div class=\"elementskit-post-image-card\">\n                        <div class=\"elementskit-entry-header\">\n                                                            <a href=\"https:\/\/voleda.fr\/blog\/volet-roulant\/programmation-telecommande-050-deprat-comen-v2\/562\/\" class=\"elementskit-entry-thumb\">\n                                    <img decoding=\"async\" src=\"https:\/\/voleda.fr\/blog\/wp-content\/uploads\/2018\/02\/11Plan-de-travail-1-1024x654.jpg\" alt=\"Programmation telecommande 050 Deprat Comen V2\">\n                                <\/a><!-- .elementskit-entry-thumb END -->\n                                                            \n                                                            <div class=\"elementskit-meta-categories\">\n                                    <span class=\"elementskit-meta-wraper\">\n                                        <span><a href=\"https:\/\/voleda.fr\/blog\/category\/commandes-et-automatisme\/\" rel=\"category tag\">Commandes et Automatisme<\/a><\/span><span><a href=\"https:\/\/voleda.fr\/blog\/category\/deprat\/\" rel=\"category tag\">Deprat<\/a><\/span><span><a href=\"https:\/\/voleda.fr\/blog\/category\/store\/\" rel=\"category tag\">Store<\/a><\/span><span><a href=\"https:\/\/voleda.fr\/blog\/category\/volet-roulant\/\" rel=\"category tag\">Volet roulant<\/a><\/span>\n                                    <\/span>\n                                <\/div>\n                            \n\t\t\t\t\t\t\t\t\t\t\t\t\t<\/div><!-- .elementskit-entry-header END -->\n\n\t\t\t\t\t\t<div class=\"elementskit-post-body \">\n\t\t\t\t\t\t\t\n\t\t\t\t\t\t\t\t\t\t\t\t\t\t\t\t\t\t\t\t\t\t\t\t\t\n\t\t\t\t\t\t\t\t\n\t\t\t\t\t\t\t\t\t\t\t\t\t\t\t\t\t\t\t\t\t<h2 class=\"entry-title\">\n\t\t\t\t\t<a href=\"https:\/\/voleda.fr\/blog\/volet-roulant\/programmation-telecommande-050-deprat-comen-v2\/562\/\">\n\t\t\t\t\t\tProgrammation telecommande 050 Deprat Comen V2\t\t\t\t\t<\/a>\n\t\t\t\t<\/h2>\n\t\t\t\t\t\t\t\t\t\t\t\t\t\t\t\t\t\t\t\t\t\t\t\t\t\t\t\t\t\t\t\t\t\t\t\t\t\t\t\t\t\t<p>Programmation telecommande Deprat 050 Comen V2 Vous venez d&#8217;installer votre nouveau moteur Deprat Tempo Com, il ne vous reste plus qu&#8217;\u00e0 programmer votre ancienne telecommande Deprat 050 COMEN V2. Voici la telecommande Deprat 050 Comen V2 : Apr\u00e8s avoir raccord\u00e9\u2026<\/p>\n\t\t\t\t\t\t\t\t\t\t\t\t\t\t\t\t\t\t\t\t\t\t                                                            <div class=\"btn-wraper\">\n                                    \n                                                                            <a href=\"https:\/\/voleda.fr\/blog\/volet-roulant\/programmation-telecommande-050-deprat-comen-v2\/562\/\" class=\"elementskit-btn  whitespace--normal\" >\n                                                                                    Lire la suite                                        <\/a>\n                                                                    <\/div>\n                                                    <\/div><!-- .elementskit-post-body END -->\n                    <\/div>\n                \n            <\/div>\n                    <div class=\"col-lg-4 col-md-6\">\n\n                                    <div class=\"elementskit-post-image-card\">\n                        <div class=\"elementskit-entry-header\">\n                                                            <a href=\"https:\/\/voleda.fr\/blog\/volet-roulant\/moteur-somfy-ilmo-wt\/392\/\" class=\"elementskit-entry-thumb\">\n                                    <img decoding=\"async\" src=\"https:\/\/voleda.fr\/blog\/wp-content\/uploads\/2016\/06\/17Plan-de-travail-1-1024x654.jpg\" alt=\"Moteurs Somfy Ilmo 50 wt\">\n                                <\/a><!-- .elementskit-entry-thumb END -->\n                                                            \n                                                            <div class=\"elementskit-meta-categories\">\n                                    <span class=\"elementskit-meta-wraper\">\n                                        <span><a href=\"https:\/\/voleda.fr\/blog\/category\/somfy\/\" rel=\"category tag\">Somfy<\/a><\/span><span><a href=\"https:\/\/voleda.fr\/blog\/category\/store\/\" rel=\"category tag\">Store<\/a><\/span><span><a href=\"https:\/\/voleda.fr\/blog\/category\/volet-roulant\/\" rel=\"category tag\">Volet roulant<\/a><\/span>\n                                    <\/span>\n                                <\/div>\n                            \n\t\t\t\t\t\t\t\t\t\t\t\t\t<\/div><!-- .elementskit-entry-header END -->\n\n\t\t\t\t\t\t<div class=\"elementskit-post-body \">\n\t\t\t\t\t\t\t\n\t\t\t\t\t\t\t\t\t\t\t\t\t\t\t\t\t\t\t\t\t\t\t\t\t\n\t\t\t\t\t\t\t\t\n\t\t\t\t\t\t\t\t\t\t\t\t\t\t\t\t\t\t\t\t\t<h2 class=\"entry-title\">\n\t\t\t\t\t<a href=\"https:\/\/voleda.fr\/blog\/volet-roulant\/moteur-somfy-ilmo-wt\/392\/\">\n\t\t\t\t\t\tMoteurs Somfy Ilmo 50 wt\t\t\t\t\t<\/a>\n\t\t\t\t<\/h2>\n\t\t\t\t\t\t\t\t\t\t\t\t\t\t\t\t\t\t\t\t\t\t\t\t\t\t\t\t\t\t\t\t\t\t\t\t\t\t\t\t\t\t<p>Moteur Somfy totalement automatique sans r\u00e9glage! Le moteur Somfy Ilmo 50 wt (ex moteur Somfy Ipso) est un moteur \u00e9lectronique, intelligent, tr\u00e8s pr\u00e9cis et avec un haut niveau de technologie.<\/p>\n\t\t\t\t\t\t\t\t\t\t\t\t\t\t\t\t\t\t\t\t\t\t                                                            <div class=\"btn-wraper\">\n                                    \n                                                                            <a href=\"https:\/\/voleda.fr\/blog\/volet-roulant\/moteur-somfy-ilmo-wt\/392\/\" class=\"elementskit-btn  whitespace--normal\" >\n                                                                                    Lire la suite                                        <\/a>\n                                                                    <\/div>\n                                                    <\/div><!-- .elementskit-post-body END -->\n                    <\/div>\n                \n            <\/div>\n                    <div class=\"col-lg-4 col-md-6\">\n\n                                    <div class=\"elementskit-post-image-card\">\n                        <div class=\"elementskit-entry-header\">\n                                                            <a href=\"https:\/\/voleda.fr\/blog\/volet-roulant\/moteur-somfy-ipso\/387\/\" class=\"elementskit-entry-thumb\">\n                                    <img decoding=\"async\" src=\"https:\/\/voleda.fr\/blog\/wp-content\/uploads\/2016\/06\/16Plan-de-travail-1-1024x654.jpg\" alt=\"Moteur Somfy Ipso\">\n                                <\/a><!-- .elementskit-entry-thumb END -->\n                                                            \n                                                            <div class=\"elementskit-meta-categories\">\n                                    <span class=\"elementskit-meta-wraper\">\n                                        <span><a href=\"https:\/\/voleda.fr\/blog\/category\/somfy\/\" rel=\"category tag\">Somfy<\/a><\/span><span><a href=\"https:\/\/voleda.fr\/blog\/category\/store\/\" rel=\"category tag\">Store<\/a><\/span><span><a href=\"https:\/\/voleda.fr\/blog\/category\/volet-roulant\/\" rel=\"category tag\">Volet roulant<\/a><\/span>\n                                    <\/span>\n                                <\/div>\n                            \n\t\t\t\t\t\t\t\t\t\t\t\t\t<\/div><!-- .elementskit-entry-header END -->\n\n\t\t\t\t\t\t<div class=\"elementskit-post-body \">\n\t\t\t\t\t\t\t\n\t\t\t\t\t\t\t\t\t\t\t\t\t\t\t\t\t\t\t\t\t\t\t\t\t\n\t\t\t\t\t\t\t\t\n\t\t\t\t\t\t\t\t\t\t\t\t\t\t\t\t\t\t\t\t\t<h2 class=\"entry-title\">\n\t\t\t\t\t<a href=\"https:\/\/voleda.fr\/blog\/volet-roulant\/moteur-somfy-ipso\/387\/\">\n\t\t\t\t\t\tMoteur Somfy Ipso\t\t\t\t\t<\/a>\n\t\t\t\t<\/h2>\n\t\t\t\t\t\t\t\t\t\t\t\t\t\t\t\t\t\t\t\t\t\t\t\t\t\t\t\t\t\t\t\t\t\t\t\t\t\t\t\t\t\t<p>Le moteur Somfy Ipso pour volet roulant n&#039;est plus fabriqu\u00e9 et est remplac\u00e9 par le moteur Somfy Ilmo wt<\/p>\n\t\t\t\t\t\t\t\t\t\t\t\t\t\t\t\t\t\t\t\t\t\t                                                            <div class=\"btn-wraper\">\n                                    \n                                                                            <a href=\"https:\/\/voleda.fr\/blog\/volet-roulant\/moteur-somfy-ipso\/387\/\" class=\"elementskit-btn  whitespace--normal\" >\n                                                                                    Lire la suite                                        <\/a>\n                                                                    <\/div>\n                                                    <\/div><!-- .elementskit-post-body END -->\n                    <\/div>\n                \n            <\/div>\n                    <div class=\"col-lg-4 col-md-6\">\n\n                                    <div class=\"elementskit-post-image-card\">\n                        <div class=\"elementskit-entry-header\">\n                                                            <a href=\"https:\/\/voleda.fr\/blog\/store\/telecommande-simu-timer-multi\/250\/\" class=\"elementskit-entry-thumb\">\n                                    <img decoding=\"async\" src=\"https:\/\/voleda.fr\/blog\/wp-content\/uploads\/2013\/11\/21Plan-de-travail-1-1024x654.jpg\" alt=\"T\u00e9l\u00e9commande Simu Timer Multi\">\n                                <\/a><!-- .elementskit-entry-thumb END -->\n                                                            \n                                                            <div class=\"elementskit-meta-categories\">\n                                    <span class=\"elementskit-meta-wraper\">\n                                        <span><a href=\"https:\/\/voleda.fr\/blog\/category\/volet-roulant\/infos-produits\/\" rel=\"category tag\">Infos produits<\/a><\/span><span><a href=\"https:\/\/voleda.fr\/blog\/category\/partenaires\/simu\/\" rel=\"category tag\">Simu<\/a><\/span><span><a href=\"https:\/\/voleda.fr\/blog\/category\/store\/\" rel=\"category tag\">Store<\/a><\/span>\n                                    <\/span>\n                                <\/div>\n                            \n\t\t\t\t\t\t\t\t\t\t\t\t\t<\/div><!-- .elementskit-entry-header END -->\n\n\t\t\t\t\t\t<div class=\"elementskit-post-body \">\n\t\t\t\t\t\t\t\n\t\t\t\t\t\t\t\t\t\t\t\t\t\t\t\t\t\t\t\t\t\t\t\t\t\n\t\t\t\t\t\t\t\t\n\t\t\t\t\t\t\t\t\t\t\t\t\t\t\t\t\t\t\t\t\t<h2 class=\"entry-title\">\n\t\t\t\t\t<a href=\"https:\/\/voleda.fr\/blog\/store\/telecommande-simu-timer-multi\/250\/\">\n\t\t\t\t\t\tT\u00e9l\u00e9commande Simu Timer Multi\t\t\t\t\t<\/a>\n\t\t\t\t<\/h2>\n\t\t\t\t\t\t\t\t\t\t\t\t\t\t\t\t\t\t\t\t\t\t\t\t\t\t\t\t\t\t\t\t\t\t\t\t\t\t\t\t\t\t<p>La telecommande Simu Timer multi vous permet de g\u00e9rer individuellement, de centraliser ou d&#039;automatiser votre installation de volet roulant.<\/p>\n\t\t\t\t\t\t\t\t\t\t\t\t\t\t\t\t\t\t\t\t\t\t                                                            <div class=\"btn-wraper\">\n                                    \n                                                                            <a href=\"https:\/\/voleda.fr\/blog\/store\/telecommande-simu-timer-multi\/250\/\" class=\"elementskit-btn  whitespace--normal\" >\n                                                                                    Lire la suite                                        <\/a>\n                                                                    <\/div>\n                                                    <\/div><!-- .elementskit-post-body END -->\n                    <\/div>\n                \n            <\/div>\n                    <div class=\"col-lg-4 col-md-6\">\n\n                                    <div class=\"elementskit-post-image-card\">\n                        <div class=\"elementskit-entry-header\">\n                                                            <a href=\"https:\/\/voleda.fr\/blog\/volet-roulant\/position-favorite-sur-les-moteurs-simu-hz-02-et-ehz\/233\/\" class=\"elementskit-entry-thumb\">\n                                    <img decoding=\"async\" src=\"https:\/\/voleda.fr\/blog\/wp-content\/uploads\/2013\/11\/25Plan-de-travail-1-1024x654.jpg\" alt=\"Position favorite sur les moteurs Simu Hz.02 et EHz\">\n                                <\/a><!-- .elementskit-entry-thumb END -->\n                                                            \n                                                            <div class=\"elementskit-meta-categories\">\n                                    <span class=\"elementskit-meta-wraper\">\n                                        <span><a href=\"https:\/\/voleda.fr\/blog\/category\/volet-roulant\/infos-produits\/\" rel=\"category tag\">Infos produits<\/a><\/span><span><a href=\"https:\/\/voleda.fr\/blog\/category\/partenaires\/simu\/\" rel=\"category tag\">Simu<\/a><\/span><span><a href=\"https:\/\/voleda.fr\/blog\/category\/store\/\" rel=\"category tag\">Store<\/a><\/span><span><a href=\"https:\/\/voleda.fr\/blog\/category\/volet-roulant\/\" rel=\"category tag\">Volet roulant<\/a><\/span>\n                                    <\/span>\n                                <\/div>\n                            \n\t\t\t\t\t\t\t\t\t\t\t\t\t<\/div><!-- .elementskit-entry-header END -->\n\n\t\t\t\t\t\t<div class=\"elementskit-post-body \">\n\t\t\t\t\t\t\t\n\t\t\t\t\t\t\t\t\t\t\t\t\t\t\t\t\t\t\t\t\t\t\t\t\t\n\t\t\t\t\t\t\t\t\n\t\t\t\t\t\t\t\t\t\t\t\t\t\t\t\t\t\t\t\t\t<h2 class=\"entry-title\">\n\t\t\t\t\t<a href=\"https:\/\/voleda.fr\/blog\/volet-roulant\/position-favorite-sur-les-moteurs-simu-hz-02-et-ehz\/233\/\">\n\t\t\t\t\t\tPosition favorite sur les moteurs Simu Hz.02 et EHz\t\t\t\t\t<\/a>\n\t\t\t\t<\/h2>\n\t\t\t\t\t\t\t\t\t\t\t\t\t\t\t\t\t\t\t\t\t\t\t\t\t\t\t\t\t\t\t\t\t\t\t\t\t\t\t\t\t\t<p>Les moteurs Simu Hz.02 et EHz b\u00e9n\u00e9ficient d&#039;un r\u00e9glage interm\u00e9diaire ou position favorite (comme les moteurs Somfy avec la touche My).<\/p>\n\t\t\t\t\t\t\t\t\t\t\t\t\t\t\t\t\t\t\t\t\t\t                                                            <div class=\"btn-wraper\">\n                                    \n                                                                            <a href=\"https:\/\/voleda.fr\/blog\/volet-roulant\/position-favorite-sur-les-moteurs-simu-hz-02-et-ehz\/233\/\" class=\"elementskit-btn  whitespace--normal\" >\n                                                                                    Lire la suite                                        <\/a>\n                                                                    <\/div>\n                                                    <\/div><!-- .elementskit-post-body END -->\n                    <\/div>\n                \n            <\/div>\n                    <div class=\"col-lg-4 col-md-6\">\n\n                                    <div class=\"elementskit-post-image-card\">\n                        <div class=\"elementskit-entry-header\">\n                                                            <a href=\"https:\/\/voleda.fr\/blog\/volet-roulant\/infos-produits\/moteur-simu-t5-auto-msr-t35\/94\/\" class=\"elementskit-entry-thumb\">\n                                    <img decoding=\"async\" src=\"https:\/\/voleda.fr\/blog\/wp-content\/uploads\/2013\/11\/23Plan-de-travail-1-1024x654.jpg\" alt=\"Moteur Simu T5 Auto &#8211; le moteur sans r\u00e9glage\">\n                                <\/a><!-- .elementskit-entry-thumb END -->\n                                                            \n                                                            <div class=\"elementskit-meta-categories\">\n                                    <span class=\"elementskit-meta-wraper\">\n                                        <span><a href=\"https:\/\/voleda.fr\/blog\/category\/volet-roulant\/infos-produits\/\" rel=\"category tag\">Infos produits<\/a><\/span><span><a href=\"https:\/\/voleda.fr\/blog\/category\/partenaires\/simu\/\" rel=\"category tag\">Simu<\/a><\/span><span><a href=\"https:\/\/voleda.fr\/blog\/category\/store\/\" rel=\"category tag\">Store<\/a><\/span><span><a href=\"https:\/\/voleda.fr\/blog\/category\/volet-roulant\/\" rel=\"category tag\">Volet roulant<\/a><\/span>\n                                    <\/span>\n                                <\/div>\n                            \n\t\t\t\t\t\t\t\t\t\t\t\t\t<\/div><!-- .elementskit-entry-header END -->\n\n\t\t\t\t\t\t<div class=\"elementskit-post-body \">\n\t\t\t\t\t\t\t\n\t\t\t\t\t\t\t\t\t\t\t\t\t\t\t\t\t\t\t\t\t\t\t\t\t\n\t\t\t\t\t\t\t\t\n\t\t\t\t\t\t\t\t\t\t\t\t\t\t\t\t\t\t\t\t\t<h2 class=\"entry-title\">\n\t\t\t\t\t<a href=\"https:\/\/voleda.fr\/blog\/volet-roulant\/infos-produits\/moteur-simu-t5-auto-msr-t35\/94\/\">\n\t\t\t\t\t\tMoteur Simu T5 Auto &#8211; le moteur sans r\u00e9glage\t\t\t\t\t<\/a>\n\t\t\t\t<\/h2>\n\t\t\t\t\t\t\t\t\t\t\t\t\t\t\t\t\t\t\t\t\t\t\t\t\t\t\t\t\t\t\t\t\t\t\t\t\t\t\t\t\t\t<p>LIVRAISON 24 H ! Assemblez, branchez, il s&#039;occupe du reste ! R\u00e9glage moteur totalement automatique ! Le moteur Simu T5 Auto (ex Msr) est un moteur intelligent avec un haut niveau de technologie et de pr\u00e9cision.<\/p>\n\t\t\t\t\t\t\t\t\t\t\t\t\t\t\t\t\t\t\t\t\t\t                                                            <div class=\"btn-wraper\">\n                                    \n                                                                            <a href=\"https:\/\/voleda.fr\/blog\/volet-roulant\/infos-produits\/moteur-simu-t5-auto-msr-t35\/94\/\" class=\"elementskit-btn  whitespace--normal\" >\n                                                                                    Lire la suite                                        <\/a>\n                                                                    <\/div>\n                                                    <\/div><!-- .elementskit-post-body END -->\n                    <\/div>\n                \n            <\/div>\n                <\/div>\n       <\/div>\t\t<\/div>\n\t\t\t\t<\/div>\n\t\t\t\t\t<\/div>\n\t\t<\/div>\n\t\t\t\t\t\t\t<\/div>\n\t\t<\/section>\n\t\t\t\t\t<\/div>\n\t\t<\/div>\n\t\t\t\t\t\t\t<\/div>\n\t\t<\/section>\n\t\t\t\t<section class=\"elementor-section elementor-top-section elementor-element elementor-element-1f12fb9 elementor-section-full_width elementor-section-stretched elementor-section-height-default elementor-section-height-default\" data-id=\"1f12fb9\" data-element_type=\"section\" data-settings=\"{&quot;stretch_section&quot;:&quot;section-stretched&quot;,&quot;background_background&quot;:&quot;classic&quot;}\">\n\t\t\t\t\t\t<div class=\"elementor-container elementor-column-gap-default\">\n\t\t\t\t\t<div class=\"elementor-column elementor-col-100 elementor-top-column elementor-element elementor-element-db0a09a\" data-id=\"db0a09a\" data-element_type=\"column\">\n\t\t\t<div class=\"elementor-widget-wrap elementor-element-populated\">\n\t\t\t\t\t\t\t\t<div class=\"elementor-element elementor-element-30a5f14 elementor-widget elementor-widget-heading\" data-id=\"30a5f14\" data-element_type=\"widget\" data-widget_type=\"heading.default\">\n\t\t\t\t<div class=\"elementor-widget-container\">\n\t\t\t<style>\/*! elementor - v3.7.4 - 31-08-2022 *\/\n.elementor-heading-title{padding:0;margin:0;line-height:1}.elementor-widget-heading .elementor-heading-title[class*=elementor-size-]>a{color:inherit;font-size:inherit;line-height:inherit}.elementor-widget-heading .elementor-heading-title.elementor-size-small{font-size:15px}.elementor-widget-heading .elementor-heading-title.elementor-size-medium{font-size:19px}.elementor-widget-heading .elementor-heading-title.elementor-size-large{font-size:29px}.elementor-widget-heading .elementor-heading-title.elementor-size-xl{font-size:39px}.elementor-widget-heading .elementor-heading-title.elementor-size-xxl{font-size:59px}<\/style><h2 class=\"elementor-heading-title elementor-size-default\">D\u00e9couvrez nos autres cat\u00e9gories<\/h2>\t\t<\/div>\n\t\t\t\t<\/div>\n\t\t\t\t<section class=\"elementor-section elementor-inner-section elementor-element elementor-element-0dcf755 elementor-section-boxed elementor-section-height-default elementor-section-height-default\" data-id=\"0dcf755\" data-element_type=\"section\">\n\t\t\t\t\t\t<div class=\"elementor-container elementor-column-gap-default\">\n\t\t\t\t\t<div class=\"elementor-column elementor-col-25 elementor-inner-column elementor-element elementor-element-3f5a943\" data-id=\"3f5a943\" data-element_type=\"column\">\n\t\t\t<div class=\"elementor-widget-wrap elementor-element-populated\">\n\t\t\t\t\t\t\t\t<div class=\"elementor-element elementor-element-0af4ab7 elementor-invisible elementor-widget elementor-widget-image\" data-id=\"0af4ab7\" data-element_type=\"widget\" data-settings=\"{&quot;_animation&quot;:&quot;fadeIn&quot;}\" data-widget_type=\"image.default\">\n\t\t\t\t<div class=\"elementor-widget-container\">\n\t\t\t<style>\/*! elementor - v3.7.4 - 31-08-2022 *\/\n.elementor-widget-image{text-align:center}.elementor-widget-image a{display:inline-block}.elementor-widget-image a img[src$=\".svg\"]{width:48px}.elementor-widget-image img{vertical-align:middle;display:inline-block}<\/style>\t\t\t\t\t\t\t\t\t\t\t\t\t<a href=\"https:\/\/voleda.fr\/blog\/volet-roulant-2\/\" target=\"_blank\">\n\t\t\t\t\t\t\t<img decoding=\"async\" loading=\"lazy\" width=\"320\" height=\"321\" src=\"https:\/\/voleda.fr\/blog\/wp-content\/uploads\/2022\/09\/volet-roulant-2.jpg\" class=\"attachment-large size-large\" alt=\"\" srcset=\"https:\/\/voleda.fr\/blog\/wp-content\/uploads\/2022\/09\/volet-roulant-2.jpg 320w, https:\/\/voleda.fr\/blog\/wp-content\/uploads\/2022\/09\/volet-roulant-2-300x300.jpg 300w, https:\/\/voleda.fr\/blog\/wp-content\/uploads\/2022\/09\/volet-roulant-2-150x150.jpg 150w\" sizes=\"(max-width: 320px) 100vw, 320px\" \/>\t\t\t\t\t\t\t\t<\/a>\n\t\t\t\t\t\t\t\t\t\t\t\t\t\t\t<\/div>\n\t\t\t\t<\/div>\n\t\t\t\t\t<\/div>\n\t\t<\/div>\n\t\t\t\t<div class=\"elementor-column elementor-col-25 elementor-inner-column elementor-element elementor-element-97983d7\" data-id=\"97983d7\" data-element_type=\"column\">\n\t\t\t<div class=\"elementor-widget-wrap elementor-element-populated\">\n\t\t\t\t\t\t\t\t<div class=\"elementor-element elementor-element-e4b539d elementor-invisible elementor-widget elementor-widget-image\" data-id=\"e4b539d\" data-element_type=\"widget\" data-settings=\"{&quot;_animation&quot;:&quot;fadeIn&quot;}\" data-widget_type=\"image.default\">\n\t\t\t\t<div class=\"elementor-widget-container\">\n\t\t\t\t\t\t\t\t\t\t\t\t\t\t\t\t<a href=\"https:\/\/voleda.fr\/blog\/porte-de-garage-2\/\" target=\"_blank\">\n\t\t\t\t\t\t\t<img decoding=\"async\" loading=\"lazy\" width=\"320\" height=\"321\" src=\"https:\/\/voleda.fr\/blog\/wp-content\/uploads\/2022\/09\/porte-de-garage-1.jpg\" class=\"attachment-large size-large\" alt=\"Porte de garage\" srcset=\"https:\/\/voleda.fr\/blog\/wp-content\/uploads\/2022\/09\/porte-de-garage-1.jpg 320w, https:\/\/voleda.fr\/blog\/wp-content\/uploads\/2022\/09\/porte-de-garage-1-300x300.jpg 300w, https:\/\/voleda.fr\/blog\/wp-content\/uploads\/2022\/09\/porte-de-garage-1-150x150.jpg 150w\" sizes=\"(max-width: 320px) 100vw, 320px\" \/>\t\t\t\t\t\t\t\t<\/a>\n\t\t\t\t\t\t\t\t\t\t\t\t\t\t\t<\/div>\n\t\t\t\t<\/div>\n\t\t\t\t\t<\/div>\n\t\t<\/div>\n\t\t\t\t<div class=\"elementor-column elementor-col-25 elementor-inner-column elementor-element elementor-element-dba8fcd\" data-id=\"dba8fcd\" data-element_type=\"column\">\n\t\t\t<div class=\"elementor-widget-wrap elementor-element-populated\">\n\t\t\t\t\t\t\t\t<div class=\"elementor-element elementor-element-1979cd9 elementor-invisible elementor-widget elementor-widget-image\" data-id=\"1979cd9\" data-element_type=\"widget\" data-settings=\"{&quot;_animation&quot;:&quot;fadeIn&quot;}\" data-widget_type=\"image.default\">\n\t\t\t\t<div class=\"elementor-widget-container\">\n\t\t\t\t\t\t\t\t\t\t\t\t\t\t\t\t<a href=\"https:\/\/voleda.fr\/blog\/commandes-et-domotique\/\" target=\"_blank\">\n\t\t\t\t\t\t\t<img decoding=\"async\" loading=\"lazy\" width=\"320\" height=\"320\" src=\"https:\/\/voleda.fr\/blog\/wp-content\/uploads\/2022\/09\/telecommandes.jpg\" class=\"attachment-large size-large\" alt=\"T\u00e9l\u00e9commandes\" srcset=\"https:\/\/voleda.fr\/blog\/wp-content\/uploads\/2022\/09\/telecommandes.jpg 320w, https:\/\/voleda.fr\/blog\/wp-content\/uploads\/2022\/09\/telecommandes-300x300.jpg 300w, https:\/\/voleda.fr\/blog\/wp-content\/uploads\/2022\/09\/telecommandes-150x150.jpg 150w\" sizes=\"(max-width: 320px) 100vw, 320px\" \/>\t\t\t\t\t\t\t\t<\/a>\n\t\t\t\t\t\t\t\t\t\t\t\t\t\t\t<\/div>\n\t\t\t\t<\/div>\n\t\t\t\t\t<\/div>\n\t\t<\/div>\n\t\t\t\t<div class=\"elementor-column elementor-col-25 elementor-inner-column elementor-element elementor-element-739cc44\" data-id=\"739cc44\" data-element_type=\"column\">\n\t\t\t<div class=\"elementor-widget-wrap elementor-element-populated\">\n\t\t\t\t\t\t\t\t<div class=\"elementor-element elementor-element-1ffd840 elementor-invisible elementor-widget elementor-widget-image\" data-id=\"1ffd840\" data-element_type=\"widget\" data-settings=\"{&quot;_animation&quot;:&quot;fadeIn&quot;}\" data-widget_type=\"image.default\">\n\t\t\t\t<div class=\"elementor-widget-container\">\n\t\t\t\t\t\t\t\t\t\t\t\t\t\t\t\t<a href=\"https:\/\/voleda.fr\/blog\/portail-2\/\" target=\"_blank\">\n\t\t\t\t\t\t\t<img decoding=\"async\" loading=\"lazy\" width=\"320\" height=\"320\" src=\"https:\/\/voleda.fr\/blog\/wp-content\/uploads\/2022\/09\/portail-1.jpg\" class=\"attachment-large size-large\" alt=\"Portail\" srcset=\"https:\/\/voleda.fr\/blog\/wp-content\/uploads\/2022\/09\/portail-1.jpg 320w, https:\/\/voleda.fr\/blog\/wp-content\/uploads\/2022\/09\/portail-1-300x300.jpg 300w, https:\/\/voleda.fr\/blog\/wp-content\/uploads\/2022\/09\/portail-1-150x150.jpg 150w\" sizes=\"(max-width: 320px) 100vw, 320px\" \/>\t\t\t\t\t\t\t\t<\/a>\n\t\t\t\t\t\t\t\t\t\t\t\t\t\t\t<\/div>\n\t\t\t\t<\/div>\n\t\t\t\t\t<\/div>\n\t\t<\/div>\n\t\t\t\t\t\t\t<\/div>\n\t\t<\/section>\n\t\t\t\t\t<\/div>\n\t\t<\/div>\n\t\t\t\t\t\t\t<\/div>\n\t\t<\/section>\n\t\t\t\t<section class=\"elementor-section elementor-top-section elementor-element elementor-element-ffe47ce elementor-section-boxed elementor-section-height-default elementor-section-height-default\" data-id=\"ffe47ce\" data-element_type=\"section\">\n\t\t\t\t\t\t<div class=\"elementor-container elementor-column-gap-default\">\n\t\t\t\t\t<div class=\"elementor-column elementor-col-100 elementor-top-column elementor-element elementor-element-aea3b3d\" data-id=\"aea3b3d\" data-element_type=\"column\">\n\t\t\t<div class=\"elementor-widget-wrap elementor-element-populated\">\n\t\t\t\t\t\t\t\t<div class=\"elementor-element elementor-element-83fcca0 elementor-widget elementor-widget-text-editor\" data-id=\"83fcca0\" data-element_type=\"widget\" data-widget_type=\"text-editor.default\">\n\t\t\t\t<div class=\"elementor-widget-container\">\n\t\t\t<style>\/*! elementor - v3.7.4 - 31-08-2022 *\/\n.elementor-widget-text-editor.elementor-drop-cap-view-stacked .elementor-drop-cap{background-color:#818a91;color:#fff}.elementor-widget-text-editor.elementor-drop-cap-view-framed .elementor-drop-cap{color:#818a91;border:3px solid;background-color:transparent}.elementor-widget-text-editor:not(.elementor-drop-cap-view-default) .elementor-drop-cap{margin-top:8px}.elementor-widget-text-editor:not(.elementor-drop-cap-view-default) .elementor-drop-cap-letter{width:1em;height:1em}.elementor-widget-text-editor .elementor-drop-cap{float:left;text-align:center;line-height:1;font-size:50px}.elementor-widget-text-editor .elementor-drop-cap-letter{display:inline-block}<\/style>\t\t\t\t<p style=\"text-align: center;\">Vous n&#8217;avez pas trouv\u00e9 l&#8217;article que vous cherchiez ? Vous avez besoin de conseils ?<\/p>\n<p style=\"text-align: center;\">N&#8217;h\u00e9sitez pas \u00e0 nous contacter, nous mettrons tout en oeuvre pour vous conseiller au mieux.<\/p>\t\t\t\t\t\t<\/div>\n\t\t\t\t<\/div>\n\t\t\t\t<div class=\"elementor-element elementor-element-77bfbdb elementor-align-center elementor-widget elementor-widget-button\" data-id=\"77bfbdb\" data-element_type=\"widget\" data-widget_type=\"button.default\">\n\t\t\t\t<div class=\"elementor-widget-container\">\n\t\t\t\t\t<div class=\"elementor-button-wrapper\">\n\t\t\t<a href=\"https:\/\/voleda.fr\/contactez-nous\" class=\"elementor-button-link elementor-button elementor-size-md\" role=\"button\">\n\t\t\t\t\t\t<span class=\"elementor-button-content-wrapper\">\n\t\t\t\t\t\t<span class=\"elementor-button-text\">Contactez-nous<\/span>\n\t\t<\/span>\n\t\t\t\t\t<\/a>\n\t\t<\/div>\n\t\t\t\t<\/div>\n\t\t\t\t<\/div>\n\t\t\t\t\t<\/div>\n\t\t<\/div>\n\t\t\t\t\t\t\t<\/div>\n\t\t<\/section>\n\t\t\t\t\t\t\t<\/div>\n\t\t","protected":false},"excerpt":{"rendered":"<p>Store D\u00e9couvrez tous nos articles concernant les stores Infos pratiquesNiceStoreVolet roulant Remplacer un moteur Nice de la gamme Max XM Votre moteur de volet roulant Nice est tomb\u00e9 en panne et vous \u00eates \u00e0 la recherche du moteur de remplacement ? Si la r\u00e9f\u00e9rence de votre moteur commence par XM, nous allons vous indiquer dans &#8230; <a title=\"Moteur Simu T5 Auto &#8211; le moteur sans r\u00e9glage\" class=\"read-more\" href=\"https:\/\/voleda.fr\/blog\/volet-roulant\/infos-produits\/moteur-simu-t5-auto-msr-t35\/94\/\" aria-label=\"En savoir plus sur Moteur Simu T5 Auto &#8211; le moteur sans r\u00e9glage\">Lire la suite<\/a><\/p>\n","protected":false},"author":1,"featured_media":0,"parent":0,"menu_order":0,"comment_status":"closed","ping_status":"closed","template":"","meta":{"footnotes":""},"yoast_head":"<!-- This site is optimized with the Yoast SEO plugin v20.4 - https:\/\/yoast.com\/wordpress\/plugins\/seo\/ -->\n<title>Store - Voleda.fr<\/title>\n<meta name=\"description\" content=\"Voleda.fr vous guide dans le choix et vous accompagne dans le r\u00e9glage de vos produits et pi\u00e8ces d\u00e9tach\u00e9es de store - Voleda.fr\" \/>\n<meta name=\"robots\" content=\"index, follow, max-snippet:-1, max-image-preview:large, max-video-preview:-1\" \/>\n<link rel=\"canonical\" href=\"https:\/\/voleda.fr\/blog\/store-2\/\" \/>\n<meta property=\"og:locale\" content=\"fr_FR\" \/>\n<meta property=\"og:type\" content=\"article\" \/>\n<meta property=\"og:title\" content=\"Store - Voleda.fr\" \/>\n<meta property=\"og:description\" content=\"Voleda.fr vous guide dans le choix et vous accompagne dans le r\u00e9glage de vos produits et pi\u00e8ces d\u00e9tach\u00e9es de store - Voleda.fr\" \/>\n<meta property=\"og:url\" content=\"https:\/\/voleda.fr\/blog\/store-2\/\" \/>\n<meta property=\"og:site_name\" content=\"Voleda.fr\" \/>\n<meta property=\"article:publisher\" content=\"https:\/\/www.facebook.com\/VoledaFR\" \/>\n<meta property=\"article:modified_time\" content=\"2023-04-25T15:00:03+00:00\" \/>\n<meta property=\"og:image\" content=\"https:\/\/voleda.fr\/blog\/wp-content\/uploads\/2023\/01\/nice-xm-remplacement-1024x654.jpg\" \/>\n<meta name=\"twitter:card\" content=\"summary_large_image\" \/>\n<meta name=\"twitter:site\" content=\"@voledafr\" \/>\n<meta name=\"twitter:label1\" content=\"Dur\u00e9e de lecture estim\u00e9e\" \/>\n\t<meta name=\"twitter:data1\" content=\"8 minutes\" \/>\n<script type=\"application\/ld+json\" class=\"yoast-schema-graph\">{\"@context\":\"https:\/\/schema.org\",\"@graph\":[{\"@type\":\"WebPage\",\"@id\":\"https:\/\/voleda.fr\/blog\/store-2\/\",\"url\":\"https:\/\/voleda.fr\/blog\/store-2\/\",\"name\":\"Store - Voleda.fr\",\"isPartOf\":{\"@id\":\"https:\/\/voleda.fr\/blog\/#website\"},\"datePublished\":\"2022-09-26T12:15:56+00:00\",\"dateModified\":\"2023-04-25T15:00:03+00:00\",\"description\":\"Voleda.fr vous guide dans le choix et vous accompagne dans le r\u00e9glage de vos produits et pi\u00e8ces d\u00e9tach\u00e9es de store - Voleda.fr\",\"breadcrumb\":{\"@id\":\"https:\/\/voleda.fr\/blog\/store-2\/#breadcrumb\"},\"inLanguage\":\"fr-FR\",\"potentialAction\":[{\"@type\":\"ReadAction\",\"target\":[\"https:\/\/voleda.fr\/blog\/store-2\/\"]}]},{\"@type\":\"BreadcrumbList\",\"@id\":\"https:\/\/voleda.fr\/blog\/store-2\/#breadcrumb\",\"itemListElement\":[{\"@type\":\"ListItem\",\"position\":1,\"name\":\"Accueil\",\"item\":\"https:\/\/voleda.fr\/blog\/\"},{\"@type\":\"ListItem\",\"position\":2,\"name\":\"Store\"}]},{\"@type\":\"WebSite\",\"@id\":\"https:\/\/voleda.fr\/blog\/#website\",\"url\":\"https:\/\/voleda.fr\/blog\/\",\"name\":\"Voleda.fr\",\"description\":\"Votre sp\u00e9cialiste du volet roulant\",\"publisher\":{\"@id\":\"https:\/\/voleda.fr\/blog\/#organization\"},\"potentialAction\":[{\"@type\":\"SearchAction\",\"target\":{\"@type\":\"EntryPoint\",\"urlTemplate\":\"https:\/\/voleda.fr\/blog\/?s={search_term_string}\"},\"query-input\":\"required name=search_term_string\"}],\"inLanguage\":\"fr-FR\"},{\"@type\":\"Organization\",\"@id\":\"https:\/\/voleda.fr\/blog\/#organization\",\"name\":\"Voleda.fr\",\"url\":\"https:\/\/voleda.fr\/blog\/\",\"logo\":{\"@type\":\"ImageObject\",\"inLanguage\":\"fr-FR\",\"@id\":\"https:\/\/voleda.fr\/blog\/#\/schema\/logo\/image\/\",\"url\":\"https:\/\/voleda.fr\/blog\/wp-content\/uploads\/2022\/09\/cropped-cropped-250Plan-de-travail-1-2-1.jpg\",\"contentUrl\":\"https:\/\/voleda.fr\/blog\/wp-content\/uploads\/2022\/09\/cropped-cropped-250Plan-de-travail-1-2-1.jpg\",\"width\":1012,\"height\":375,\"caption\":\"Voleda.fr\"},\"image\":{\"@id\":\"https:\/\/voleda.fr\/blog\/#\/schema\/logo\/image\/\"},\"sameAs\":[\"https:\/\/www.facebook.com\/VoledaFR\",\"https:\/\/twitter.com\/voledafr\",\"https:\/\/www.linkedin.com\/in\/voleda-fr-066842102\",\"https:\/\/www.youtube.com\/channel\/UCpHB75wOxZUeRMgFAAcQ-DA\",\"https:\/\/www.instagram.com\/voleda.france\/?hl=fr\",\"https:\/\/www.pinterest.fr\/voledafrance\/\"]}]}<\/script>\n<!-- \/ Yoast SEO plugin. -->","yoast_head_json":{"title":"Store - Voleda.fr","description":"Voleda.fr vous guide dans le choix et vous accompagne dans le r\u00e9glage de vos produits et pi\u00e8ces d\u00e9tach\u00e9es de store - Voleda.fr","robots":{"index":"index","follow":"follow","max-snippet":"max-snippet:-1","max-image-preview":"max-image-preview:large","max-video-preview":"max-video-preview:-1"},"canonical":"https:\/\/voleda.fr\/blog\/store-2\/","og_locale":"fr_FR","og_type":"article","og_title":"Store - Voleda.fr","og_description":"Voleda.fr vous guide dans le choix et vous accompagne dans le r\u00e9glage de vos produits et pi\u00e8ces d\u00e9tach\u00e9es de store - Voleda.fr","og_url":"https:\/\/voleda.fr\/blog\/store-2\/","og_site_name":"Voleda.fr","article_publisher":"https:\/\/www.facebook.com\/VoledaFR","article_modified_time":"2023-04-25T15:00:03+00:00","og_image":[{"url":"https:\/\/voleda.fr\/blog\/wp-content\/uploads\/2023\/01\/nice-xm-remplacement-1024x654.jpg"}],"twitter_card":"summary_large_image","twitter_site":"@voledafr","twitter_misc":{"Dur\u00e9e de lecture estim\u00e9e":"8 minutes"},"schema":{"@context":"https:\/\/schema.org","@graph":[{"@type":"WebPage","@id":"https:\/\/voleda.fr\/blog\/store-2\/","url":"https:\/\/voleda.fr\/blog\/store-2\/","name":"Store - Voleda.fr","isPartOf":{"@id":"https:\/\/voleda.fr\/blog\/#website"},"datePublished":"2022-09-26T12:15:56+00:00","dateModified":"2023-04-25T15:00:03+00:00","description":"Voleda.fr vous guide dans le choix et vous accompagne dans le r\u00e9glage de vos produits et pi\u00e8ces d\u00e9tach\u00e9es de store - Voleda.fr","breadcrumb":{"@id":"https:\/\/voleda.fr\/blog\/store-2\/#breadcrumb"},"inLanguage":"fr-FR","potentialAction":[{"@type":"ReadAction","target":["https:\/\/voleda.fr\/blog\/store-2\/"]}]},{"@type":"BreadcrumbList","@id":"https:\/\/voleda.fr\/blog\/store-2\/#breadcrumb","itemListElement":[{"@type":"ListItem","position":1,"name":"Accueil","item":"https:\/\/voleda.fr\/blog\/"},{"@type":"ListItem","position":2,"name":"Store"}]},{"@type":"WebSite","@id":"https:\/\/voleda.fr\/blog\/#website","url":"https:\/\/voleda.fr\/blog\/","name":"Voleda.fr","description":"Votre sp\u00e9cialiste du volet roulant","publisher":{"@id":"https:\/\/voleda.fr\/blog\/#organization"},"potentialAction":[{"@type":"SearchAction","target":{"@type":"EntryPoint","urlTemplate":"https:\/\/voleda.fr\/blog\/?s={search_term_string}"},"query-input":"required name=search_term_string"}],"inLanguage":"fr-FR"},{"@type":"Organization","@id":"https:\/\/voleda.fr\/blog\/#organization","name":"Voleda.fr","url":"https:\/\/voleda.fr\/blog\/","logo":{"@type":"ImageObject","inLanguage":"fr-FR","@id":"https:\/\/voleda.fr\/blog\/#\/schema\/logo\/image\/","url":"https:\/\/voleda.fr\/blog\/wp-content\/uploads\/2022\/09\/cropped-cropped-250Plan-de-travail-1-2-1.jpg","contentUrl":"https:\/\/voleda.fr\/blog\/wp-content\/uploads\/2022\/09\/cropped-cropped-250Plan-de-travail-1-2-1.jpg","width":1012,"height":375,"caption":"Voleda.fr"},"image":{"@id":"https:\/\/voleda.fr\/blog\/#\/schema\/logo\/image\/"},"sameAs":["https:\/\/www.facebook.com\/VoledaFR","https:\/\/twitter.com\/voledafr","https:\/\/www.linkedin.com\/in\/voleda-fr-066842102","https:\/\/www.youtube.com\/channel\/UCpHB75wOxZUeRMgFAAcQ-DA","https:\/\/www.instagram.com\/voleda.france\/?hl=fr","https:\/\/www.pinterest.fr\/voledafrance\/"]}]}},"_links":{"self":[{"href":"https:\/\/voleda.fr\/blog\/wp-json\/wp\/v2\/pages\/1483"}],"collection":[{"href":"https:\/\/voleda.fr\/blog\/wp-json\/wp\/v2\/pages"}],"about":[{"href":"https:\/\/voleda.fr\/blog\/wp-json\/wp\/v2\/types\/page"}],"author":[{"embeddable":true,"href":"https:\/\/voleda.fr\/blog\/wp-json\/wp\/v2\/users\/1"}],"replies":[{"embeddable":true,"href":"https:\/\/voleda.fr\/blog\/wp-json\/wp\/v2\/comments?post=1483"}],"version-history":[{"count":20,"href":"https:\/\/voleda.fr\/blog\/wp-json\/wp\/v2\/pages\/1483\/revisions"}],"predecessor-version":[{"id":2927,"href":"https:\/\/voleda.fr\/blog\/wp-json\/wp\/v2\/pages\/1483\/revisions\/2927"}],"wp:attachment":[{"href":"https:\/\/voleda.fr\/blog\/wp-json\/wp\/v2\/media?parent=1483"}],"curies":[{"name":"wp","href":"https:\/\/api.w.org\/{rel}","templated":true}]}}